{"id":1289,"date":"2026-09-01T14:18:29","date_gmt":"2026-09-01T11:18:29","guid":{"rendered":"https:\/\/parnumaa.ee\/maal-elamise-paev\/?post_type=listing&#038;p=1289"},"modified":"2026-09-01T14:19:06","modified_gmt":"2026-09-01T11:19:06","slug":"vestlusring-valla-esindajatega-silver-sepa-fantaasiapillide-workshop-kontsert","status":"publish","type":"listing","link":"https:\/\/parnumaa.ee\/maal-elamise-paev\/uritus\/vestlusring-valla-esindajatega-silver-sepa-fantaasiapillide-workshop-kontsert\/","title":{"rendered":"Vestlusring valla esindajatega, Silver Sepa fantaasiapillide workshop-kontsert"},"content":{"rendered":"<p>Maal elamise P\u00e4eval avab enda uksed Treimani Seltsimaja<\/p>\n<h2>Ajakava<\/h2>\n<ul>\n<li>11.00 Avamine, lipu heiskamine<\/li>\n<li>11.15 Vestlusring valla esindajatega<\/li>\n<li>12.00 Kohalikku elu ja ajalugu tutvustav giidituur<\/li>\n<li>15.00 Kultuuriprogramm rahvamajas<br \/>\nKohalikud taidlejad<br \/>\nSilver Sepa fantaasiapillide workshop-kontsert<\/li>\n<li>16.30 p\u00e4eva l\u00f5pp<\/li>\n<\/ul>\n<p><strong>Lisaks<\/strong><\/p>\n<ul>\n<li>\n<div class=\"elementToProof\" role=\"presentation\">Avatud n\u00e4itused: Treimani 15. akvarellikursuse n\u00e4itus, Joanna Concejo illustratsioonide n\u00e4itus, Tiiu Leisi kunstikursuse n\u00e4itus.<\/div>\n<\/li>\n<li>\n<div class=\"elementToProof\" role=\"presentation\">Video programm Treimani kultuuris\u00fcndmustest.<\/div>\n<\/li>\n<li>\n<div class=\"elementToProof\" role=\"presentation\">Naari kalatalu m\u00fc\u00fcb kalatooteid.<\/div>\n<\/li>\n<li>\n<div class=\"elementToProof\" role=\"presentation\">Treimani Jahiselts tutvustab oma tegemisi.<\/div>\n<\/li>\n<\/ul>\n<h2>Rahvamajast<\/h2>\n<p>P\u00e4rnumaal H\u00e4\u00e4demeeste vallas asuv Treimani rahvamaja on maalilise rannak\u00fcla oluline kultuuri- ja kogukonnakeskus. See on kohaliku seltsielu s\u00fcda, mis hoiab elus piirkonna traditsioone ning pakub tegevust nii aastaringsetele elanikele kui ka suvistele puhkajatele.<\/p>\n<p>Rahvamajas toimuvad regulaarselt kontserdid, k\u00fclalisteatri etendused, filmi\u00f5htud ja meeleolukad tantsupeod. Samuti t\u00e4histatakse seal \u00fchiselt rahvakalendri t\u00e4htp\u00e4evi ja j\u00f5ule. Hoone pakub prooviruume kohalikele isetegevuslastele, sealhulgas lauluansamblitele, tantsijatele ja k\u00e4sit\u00f6\u00f6huvilistele. Lisaks on ruumid aktiivselt kasutusel k\u00fclaseltsi koosolekuteks ja erinevateks t\u00f6\u00f6tubadeks. Elanikud saavad ruume rentida ka isiklikeks t\u00e4htp\u00e4evadeks, nagu juubelid v\u00f5i pulmad.<\/p>\n<p><img fetchpriority=\"high\" decoding=\"async\" class=\"alignnone wp-image-1290 size-large\" src=\"https:\/\/parnumaa.ee\/maal-elamise-paev\/wp-content\/uploads\/2026\/09\/52424596419_ca0f9cc438_k-1024x577.jpg\" alt=\"\" width=\"1024\" height=\"577\" srcset=\"https:\/\/parnumaa.ee\/maal-elamise-paev\/wp-content\/uploads\/2026\/09\/52424596419_ca0f9cc438_k-1024x577.jpg 1024w, https:\/\/parnumaa.ee\/maal-elamise-paev\/wp-content\/uploads\/2026\/09\/52424596419_ca0f9cc438_k-300x169.jpg 300w, https:\/\/parnumaa.ee\/maal-elamise-paev\/wp-content\/uploads\/2026\/09\/52424596419_ca0f9cc438_k-768x432.jpg 768w, https:\/\/parnumaa.ee\/maal-elamise-paev\/wp-content\/uploads\/2026\/09\/52424596419_ca0f9cc438_k-1536x865.jpg 1536w, https:\/\/parnumaa.ee\/maal-elamise-paev\/wp-content\/uploads\/2026\/09\/52424596419_ca0f9cc438_k-590x332.jpg 590w, https:\/\/parnumaa.ee\/maal-elamise-paev\/wp-content\/uploads\/2026\/09\/52424596419_ca0f9cc438_k-1190x670.jpg 1190w, https:\/\/parnumaa.ee\/maal-elamise-paev\/wp-content\/uploads\/2026\/09\/52424596419_ca0f9cc438_k-577x325.jpg 577w, https:\/\/parnumaa.ee\/maal-elamise-paev\/wp-content\/uploads\/2026\/09\/52424596419_ca0f9cc438_k-1200x676.jpg 1200w, https:\/\/parnumaa.ee\/maal-elamise-paev\/wp-content\/uploads\/2026\/09\/52424596419_ca0f9cc438_k.jpg 1920w\" sizes=\"(max-width: 1024px) 100vw, 1024px\" \/><\/p>\n","protected":false},"author":1,"featured_media":1290,"comment_status":"open","ping_status":"closed","template":"","meta":[],"listing_category":[74,37,70],"classifieds_category":[76],"listing_feature":[],"region":[77],"class_list":["post-1289","listing","type-listing","status-publish","has-post-thumbnail","hentry","listing_category-ekskursioon","listing_category-kontserdid","listing_category-tootoad","classifieds_category-haademeeste","region-haademeeste"],"_links":{"self":[{"href":"https:\/\/parnumaa.ee\/maal-elamise-paev\/wp-json\/wp\/v2\/listing\/1289","targetHints":{"allow":["GET"]}}],"collection":[{"href":"https:\/\/parnumaa.ee\/maal-elamise-paev\/wp-json\/wp\/v2\/listing"}],"about":[{"href":"https:\/\/parnumaa.ee\/maal-elamise-paev\/wp-json\/wp\/v2\/types\/listing"}],"author":[{"embeddable":true,"href":"https:\/\/parnumaa.ee\/maal-elamise-paev\/wp-json\/wp\/v2\/users\/1"}],"replies":[{"embeddable":true,"href":"https:\/\/parnumaa.ee\/maal-elamise-paev\/wp-json\/wp\/v2\/comments?post=1289"}],"wp:featuredmedia":[{"embeddable":true,"href":"https:\/\/parnumaa.ee\/maal-elamise-paev\/wp-json\/wp\/v2\/media\/1290"}],"wp:attachment":[{"href":"https:\/\/parnumaa.ee\/maal-elamise-paev\/wp-json\/wp\/v2\/media?parent=1289"}],"wp:term":[{"taxonomy":"listing_category","embeddable":true,"href":"https:\/\/parnumaa.ee\/maal-elamise-paev\/wp-json\/wp\/v2\/listing_category?post=1289"},{"taxonomy":"classifieds_category","embeddable":true,"href":"https:\/\/parnumaa.ee\/maal-elamise-paev\/wp-json\/wp\/v2\/classifieds_category?post=1289"},{"taxonomy":"listing_feature","embeddable":true,"href":"https:\/\/parnumaa.ee\/maal-elamise-paev\/wp-json\/wp\/v2\/listing_feature?post=1289"},{"taxonomy":"region","embeddable":true,"href":"https:\/\/parnumaa.ee\/maal-elamise-paev\/wp-json\/wp\/v2\/region?post=1289"}],"curies":[{"name":"wp","href":"https:\/\/api.w.org\/{rel}","templated":true}]}}